{"id":20,"date":"2017-01-05T20:16:57","date_gmt":"2017-01-05T20:16:57","guid":{"rendered":"http:\/\/serwer1604704.home.pl\/autoinstalator\/wordpress\/?page_id=20"},"modified":"2025-11-06T09:05:48","modified_gmt":"2025-11-06T09:05:48","slug":"powitanie","status":"publish","type":"page","link":"https:\/\/cps.wegrow.pl\/","title":{"rendered":""},"content":{"rendered":"<h5><img loading=\"lazy\" decoding=\"async\" class=\"alignnone size-medium wp-image-1484 aligncenter\" src=\"https:\/\/cps.wegrow.pl\/wp-content\/uploads\/2025\/11\/SRPS-Miasto-Wegrow-241x300.jpg\" alt=\"\" width=\"241\" height=\"300\" srcset=\"https:\/\/cps.wegrow.pl\/wp-content\/uploads\/2025\/11\/SRPS-Miasto-Wegrow-241x300.jpg 241w, https:\/\/cps.wegrow.pl\/wp-content\/uploads\/2025\/11\/SRPS-Miasto-Wegrow.jpg 454w\" sizes=\"auto, (max-width: 241px) 85vw, 241px\" \/><\/h5>\n<h5 style=\"text-align: center;\"><span style=\"color: #ff6600;\"><strong>KONSULTACJE SPO\u0141ECZNE<\/strong><\/span><br \/>\n<span style=\"color: #ff6600;\"><strong>STRATEGII ROZWIAZYWANIA PROBLEM\u00d3W SPO\u0141ECZNYCH DLA MIASTA W\u0118GROWA<\/strong><\/span><br \/>\n<span style=\"color: #ff6600;\"><strong>na lata 2026 &#8211; 20230<\/strong><\/span><\/h5>\n<p><a href=\"https:\/\/cps.wegrow.pl\/wp-content\/uploads\/2025\/11\/SRPS-Wegrow-konsultacje-ogloszenie.pdf\">SRPS W\u0119gr\u00f3w konsultacje og\u0142oszenie<\/a><\/p>\n<p><a href=\"https:\/\/cps.wegrow.pl\/wp-content\/uploads\/2025\/11\/Strategia-Rozwiazywania-Problemow-Spolecznych-Miasta-Wegrowa-na-lata-2026-2030.pdf\">Strategia Rozwi\u0105zywania Problem\u00f3w Spo\u0142ecznych Miasta W\u0119growa na lata 2026-2030<\/a><\/p>\n<p><a href=\"https:\/\/cps.wegrow.pl\/wp-content\/uploads\/2025\/11\/SRPS-Wegrow-formularz-zglaszania-uwag.pdf\">SRPS W\u0119gr\u00f3w formularz zg\u0142aszania uwag<\/a><\/p>\n<p><a href=\"https:\/\/cps.wegrow.pl\/wp-content\/uploads\/2025\/11\/SRPS-Wegrow-formularz-zglaszania-uwag.docx\">SRPS W\u0119gr\u00f3w formularz zg\u0142aszania uwag<\/a><\/p>\n<p>&nbsp;<\/p>\n<p>&#8212;&#8212;&#8212;&#8212;&#8212;&#8212;&#8212;&#8212;&#8212;&#8212;&#8212;&#8212;&#8212;&#8212;&#8212;&#8212;&#8212;&#8212;&#8212;&#8212;&#8212;&#8212;&#8212;&#8212;&#8212;&#8212;&#8212;&#8212;&#8212;&#8212;&#8212;&#8212;&#8212;&#8212;&#8212;&#8212;&#8212;&#8212;&#8212;&#8212;&#8212;&#8212;&#8212;&#8212;&#8212;&#8212;&#8212;&#8212;&#8212;&#8212;-<\/p>\n<h5><img loading=\"lazy\" decoding=\"async\" class=\"alignnone wp-image-1471\" src=\"https:\/\/cps.wegrow.pl\/wp-content\/uploads\/2025\/10\/Bon-cieplowniczy-informacja-300x196.jpg\" alt=\"\" width=\"783\" height=\"511\" srcset=\"https:\/\/cps.wegrow.pl\/wp-content\/uploads\/2025\/10\/Bon-cieplowniczy-informacja-300x196.jpg 300w, https:\/\/cps.wegrow.pl\/wp-content\/uploads\/2025\/10\/Bon-cieplowniczy-informacja-1024x668.jpg 1024w, https:\/\/cps.wegrow.pl\/wp-content\/uploads\/2025\/10\/Bon-cieplowniczy-informacja-768x501.jpg 768w, https:\/\/cps.wegrow.pl\/wp-content\/uploads\/2025\/10\/Bon-cieplowniczy-informacja-1200x783.jpg 1200w, https:\/\/cps.wegrow.pl\/wp-content\/uploads\/2025\/10\/Bon-cieplowniczy-informacja.jpg 1288w\" sizes=\"auto, (max-width: 783px) 85vw, 783px\" \/><\/h5>\n<p>&#8212;&#8212;&#8212;&#8212;&#8212;&#8212;&#8212;&#8212;&#8212;&#8212;&#8212;&#8212;&#8212;&#8212;&#8212;&#8212;&#8212;&#8212;&#8212;&#8212;&#8212;&#8212;&#8212;&#8212;&#8212;&#8212;&#8212;&#8212;&#8212;&#8212;&#8212;&#8212;&#8212;&#8212;&#8212;&#8212;&#8212;&#8212;&#8212;&#8212;&#8212;&#8212;&#8212;&#8212;&#8212;&#8212;&#8212;&#8212;&#8212;&#8212;&#8212;<\/p>\n<h5 style=\"text-align: justify;\"><span style=\"color: #ff0000;\"><strong>Kierownik Centrum Pomocy Spo\u0142ecznej w W\u0119growie og\u0142asza nab\u00f3r wniosk\u00f3w do programu <\/strong><strong>&#8222;Asystent osobisty osoby z niepe\u0142nosprawno\u015bci\u0105&#8221; dla Jednostek Samorz\u0105du Terytorialnego &#8211; edycja 2026<\/strong><\/span><\/h5>\n<h5>Wi\u0119cej informacji w zak\u0142adce <strong>Asystent osobisty osoby z niepe\u0142nosprawno\u015bci\u0105 2026:<\/strong><\/h5>\n<h5><strong>\u00a0<a href=\"https:\/\/cps.wegrow.pl\/?page_id=1453\">https:\/\/cps.wegrow.pl\/?page_id=1453<\/a><\/strong><\/h5>\n<p>&#8212;&#8212;&#8212;&#8212;&#8212;&#8212;&#8212;&#8212;&#8212;&#8212;&#8212;&#8212;&#8212;&#8212;&#8212;&#8212;&#8212;&#8212;&#8212;&#8212;&#8212;&#8212;&#8212;&#8212;&#8212;&#8212;&#8212;&#8212;&#8212;&#8212;&#8212;&#8212;&#8212;&#8212;&#8212;&#8212;&#8212;&#8212;&#8212;&#8212;&#8212;&#8212;&#8212;&#8212;&#8212;&#8212;&#8212;&#8212;&#8212;&#8212;-<\/p>\n<h2><span style=\"color: #ff0000;\"><strong>Badania ankietowe<\/strong><\/span><\/h2>\n<h3><b><span style=\"font-family: 'Calibri',sans-serif;\">Informacja o badaniu doros\u0142ych mieszka\u0144c\u00f3w: <\/span><\/b><\/h3>\n<h3><span style=\"font-family: 'Calibri',sans-serif;\">Szanowni Pa\u0144stwo,<\/span><\/h3>\n<h3><span style=\"font-family: 'Calibri',sans-serif;\">Miasto W\u0119gr\u00f3w realizuje badanie spo\u0142eczne na rzecz opracowania <i>Diagnozy problem\u00f3w spo\u0142ecznych na terenie Miasta W\u0119gr\u00f3w<\/i>.<i> <\/i>W zwi\u0105zku z tym, prosimy o wype\u0142nienie anonimowej ankiety \u2013 Pa\u0144stwa spostrze\u017cenia pomog\u0105 w przygotowaniu istotnego dokumentu dla naszego Miasta, s\u0142u\u017c\u0105cego rozwi\u0105zywaniu problem\u00f3w, z jakimi borykaj\u0105 si\u0119 mieszka\u0144cy, a tak\u017ce zaplanowaniu odpowiednich dzia\u0142a\u0144 profilaktycznych.<\/span><\/h3>\n<h3><span style=\"font-family: 'Calibri',sans-serif;\">Ankiet\u0119 mo\u017cna wype\u0142ni\u0107 za po\u015brednictwem telefonu kom\u00f3rkowego, komputera, czy innych urz\u0105dze\u0144 elektronicznych, kt\u00f3re posiadaj\u0105 dost\u0119p do Internetu. <\/span><\/h3>\n<h3><b><span style=\"font-family: 'Calibri',sans-serif;\">Link do ankiety dla pe\u0142noletnich mieszka\u0144c\u00f3w: <\/span><\/b><\/h3>\n<h3><a href=\"https:\/\/wegrowmieszkancy.webankieta.pl\/\"><b><span style=\"font-family: 'Calibri',sans-serif;\">https:\/\/wegrowmieszkancy.webankieta.pl\/<\/span><\/b><\/a><b> <\/b><\/h3>\n<h3><span style=\"font-family: 'Calibri',sans-serif;\">Dzi\u0119kujemy za udzia\u0142 w badaniu ankietowym.<\/span><\/h3>\n<p>&nbsp;<\/p>\n<p>&nbsp;<\/p>\n<h5 style=\"text-align: justify;\"><strong>Ponadto w dniach od 22.07.2025r. do 27.07.2025r. przeprowadzone zostanie badanie ankietowe mieszka\u0144c\u00f3w Miasta W\u0119growa przez ankietera Oficyny Profilaktycznej z Krakowa na zlecenie Centrum Pomocy Spo\u0142ecznej w W\u0119growie. Badanie b\u0119dzie prowadzone wy\u0142\u0105cznie w przestrzeni publicznej<br \/>\n<\/strong><strong>i polega\u0107 b\u0119dzie na anonimowym wype\u0142nieniu ankiety. \u00a0\u00a0<\/strong><\/h5>\n<h5><strong>Badania te maj\u0105 pos\u0142u\u017cy\u0107 do przygotowania diagnozy wyst\u0119puj\u0105cych problem\u00f3w spo\u0142ecznych i opracowania strategii ich rozwi\u0105zywania.<\/strong><\/h5>\n<h5><strong>W zwi\u0105zku z powy\u017cszym prosimy mieszka\u0144c\u00f3w W\u0119growa o jak najliczniejszy udzia\u0142 w badaniu.<\/strong><\/h5>\n<h4><strong>_____________________________________________<\/strong><\/h4>\n<h5 style=\"text-align: justify;\"><strong>W zwi\u0105zku z przeprowadzonymi zmianami organizacyjnymi w siedzibie Centrum Pomocy Spo\u0142ecznej informujemy, \u017ce w celu skontaktowania si\u0119 z w\u0142a\u015bciwym pracownikiem nale\u017cy skorzysta\u0107 z udost\u0119pnionego analogowego aparatu telefonicznego i wybra\u0107 dwucyfrowy numer wewn\u0119trzny:<\/strong><\/h5>\n<h5><strong>\u00a0SEKRETARIAT<\/strong> \u2026\u2026\u2026\u2026\u2026\u2026\u2026\u2026\u2026\u2026&#8230;&#8230;&#8230;\u2026\u2026 <strong>30<\/strong><\/h5>\n<h5><strong>DODATKI MIESZKANIOWE<\/strong> \u2026\u2026\u2026&#8230;&#8230;&#8230;&#8230;\u2026.. <strong>26<\/strong><\/h5>\n<h5><strong>PRACOWNICY SOCJALNI:<\/strong><\/h5>\n<h5>M. SKOLIMOWSKA\u00a0 i\u00a0 D. TURNIAK-TOMKIEWICZ \u2026&#8230;&#8230;&#8230;..\u2026 <strong>24<\/strong><\/h5>\n<h5>I. WIELICZKO\u00a0 i\u00a0 M. GODLEWSKA ..\u2026&#8230;&#8230;&#8230;&#8230;&#8230;&#8230;&#8230;&#8230;&#8230;&#8230;&#8230;&#8230;&#8230; <strong>23<\/strong><\/h5>\n<h5>A. SOLKA\u00a0 \u00a0&#8230;&#8230;&#8230;&#8230;&#8230;&#8230;&#8230;&#8230;&#8230;..\u2026\u2026\u2026\u2026&#8230;&#8230;&#8230;&#8230;&#8230;&#8230;&#8230;&#8230;&#8230;&#8230;&#8230;.\u2026&#8230; <strong>22<\/strong><\/h5>\n<h5><strong>\u015aWIADCZENIA RODZINNE<\/strong> \u2026\u2026\u2026\u2026\u2026&#8230;&#8230;&#8230;&#8230;&#8230;&#8230;&#8230;&#8230;&#8230;&#8230;&#8230;&#8230;&#8230;. <strong>28<\/strong><\/h5>\n<h5><strong>KSI\u0118GOWO\u015a\u0106<\/strong> \u2026\u2026\u2026\u2026\u2026\u2026\u2026\u2026\u2026&#8230;&#8230;&#8230;&#8230;&#8230;&#8230;&#8230;&#8230;&#8230;&#8230;&#8230;&#8230;&#8230;\u2026\u2026\u2026 <strong>25<\/strong><\/h5>\n<h5>ASYSTENT RODZINY:<\/h5>\n<h5>KATARZYNA KOSMALLA &#8230;&#8230;&#8230;&#8230;&#8230;&#8230;&#8230;&#8230;&#8230;&#8230;&#8230;&#8230;&#8230;&#8230;&#8230;&#8230;&#8230;&#8230;.. 26<\/h5>\n<h5><strong>Wykaz numer\u00f3w wewn\u0119trznych znajduje si\u0119 r\u00f3wnie\u017c w siedzibie CPS na tablicy og\u0142osze\u0144 nad aparatem telefonicznym. <\/strong><\/h5>\n<h5><strong>Za utrudnienia przepraszamy. \u00a0<\/strong><\/h5>\n<p>___________________________________________________________________________<\/p>\n<p>Biuro Centrum Kompetencji Zawodowych\u00a0 &#8222;Moja droga&#8221; oferuje p\u0142atne szkolenia dla opiekun\u00f3w os\u00f3b le\u017c\u0105cych.<br \/>\nZapisy:\u00a0 \u00a008-300 Soko\u0142\u00f3w Podlaski, ul. Wolno\u015bci 29, nr tel. 607 871 063<\/p>\n<p><img loading=\"lazy\" decoding=\"async\" class=\"alignnone wp-image-1396\" src=\"https:\/\/cps.wegrow.pl\/wp-content\/uploads\/2025\/03\/Opieka-nad-osoba-lezaca-212x300.jpg\" alt=\"\" width=\"414\" height=\"586\" srcset=\"https:\/\/cps.wegrow.pl\/wp-content\/uploads\/2025\/03\/Opieka-nad-osoba-lezaca-212x300.jpg 212w, https:\/\/cps.wegrow.pl\/wp-content\/uploads\/2025\/03\/Opieka-nad-osoba-lezaca.jpg 605w\" sizes=\"auto, (max-width: 414px) 85vw, 414px\" \/><\/p>\n<p>&nbsp;<\/p>\n<p>___________________________________________________________________________<\/p>\n<h5><img loading=\"lazy\" decoding=\"async\" class=\"alignnone wp-image-1217\" src=\"https:\/\/cps.wegrow.pl\/wp-content\/uploads\/2023\/04\/Caritas-logo-300x76.jpg\" alt=\"\" width=\"533\" height=\"135\" srcset=\"https:\/\/cps.wegrow.pl\/wp-content\/uploads\/2023\/04\/Caritas-logo-300x76.jpg 300w, https:\/\/cps.wegrow.pl\/wp-content\/uploads\/2023\/04\/Caritas-logo-1024x258.jpg 1024w, https:\/\/cps.wegrow.pl\/wp-content\/uploads\/2023\/04\/Caritas-logo-768x193.jpg 768w, https:\/\/cps.wegrow.pl\/wp-content\/uploads\/2023\/04\/Caritas-logo-1200x302.jpg 1200w, https:\/\/cps.wegrow.pl\/wp-content\/uploads\/2023\/04\/Caritas-logo.jpg 1386w\" sizes=\"auto, (max-width: 533px) 85vw, 533px\" \/><\/h5>\n<p style=\"text-align: justify;\"><strong>Caritas Diecezji Drohiczy\u0144skiej<\/strong>\u00a0 od pierwszych dni agresji rosyjskiej na Ukrain\u0119 bardzo anga\u017cuje si\u0119 w pomoc uchod\u017acom. Prowadzimy <strong>Centrum Pomocy Migrantom i Uchod\u017acom<\/strong>, gdzie potrzebuj\u0105cy mog\u0105 liczy\u0107 na pomoc w integrowaniu z naszym spo\u0142ecze\u0144stwem.<\/p>\n<p>Jeste\u015bmy w<\/p>\n<p>&#8211; Soko\u0142\u00f3w Podlaski &#8211; 662 529 091<br \/>\n&#8211; Bielsk Podlaski &#8211; 722 338 188<br \/>\n&#8211; Siemiatycze \u2013 662\u00a0301 329<\/p>\n<p>Organizujemy mi\u0119dzy innymi:<\/p>\n<p>&#8211; wsparcie doradcy integracyjnego w integracji ze spo\u0142ecze\u0144stwem,<br \/>\n&#8211; wyjazdy, spotkania integracyjne,<br \/>\n&#8211; pomoc w poszukiwaniu pracy dzi\u0119ki wsp\u00f3\u0142pracy z doradc\u0105 zawodowym,<br \/>\n&#8211; pomoc psychologa,<br \/>\n&#8211; dora\u017an\u0105\u00a0 pomoc rzeczow\u0105, \u017cywno\u015bciow\u0105,<br \/>\n&#8211; inna pomoc zale\u017cnie od potrzeb.<\/p>\n<p>&nbsp;<\/p>\n<p>&nbsp;<\/p>\n<p>&nbsp;<\/p>\n","protected":false},"excerpt":{"rendered":"<p>KONSULTACJE SPO\u0141ECZNE STRATEGII ROZWIAZYWANIA PROBLEM\u00d3W SPO\u0141ECZNYCH DLA MIASTA W\u0118GROWA na lata 2026 &#8211; 20230 SRPS W\u0119gr\u00f3w konsultacje og\u0142oszenie Strategia Rozwi\u0105zywania Problem\u00f3w Spo\u0142ecznych Miasta W\u0119growa na lata 2026-2030 SRPS W\u0119gr\u00f3w formularz zg\u0142aszania uwag SRPS W\u0119gr\u00f3w formularz zg\u0142aszania uwag &nbsp; &#8212;&#8212;&#8212;&#8212;&#8212;&#8212;&#8212;&#8212;&#8212;&#8212;&#8212;&#8212;&#8212;&#8212;&#8212;&#8212;&#8212;&#8212;&#8212;&#8212;&#8212;&#8212;&#8212;&#8212;&#8212;&#8212;&#8212;&#8212;&#8212;&#8212;&#8212;&#8212;&#8212;&#8212;&#8212;&#8212;&#8212;&#8212;&#8212;&#8212;&#8212;&#8212;&#8212;&#8212;&#8212;&#8212;&#8212;&#8212;&#8212;&#8212;- &#8212;&#8212;&#8212;&#8212;&#8212;&#8212;&#8212;&#8212;&#8212;&#8212;&#8212;&#8212;&#8212;&#8212;&#8212;&#8212;&#8212;&#8212;&#8212;&#8212;&#8212;&#8212;&#8212;&#8212;&#8212;&#8212;&#8212;&#8212;&#8212;&#8212;&#8212;&#8212;&#8212;&#8212;&#8212;&#8212;&#8212;&#8212;&#8212;&#8212;&#8212;&#8212;&#8212;&#8212;&#8212;&#8212;&#8212;&#8212;&#8212;&#8212;&#8212; Kierownik Centrum Pomocy Spo\u0142ecznej w W\u0119growie og\u0142asza nab\u00f3r wniosk\u00f3w do programu &#8222;Asystent osobisty osoby z &hellip; <a href=\"https:\/\/cps.wegrow.pl\/\" class=\"more-link\">Czytaj dalej<span class=\"screen-reader-text\"> \u201e\u201d<\/span><\/a><\/p>\n","protected":false},"author":1,"featured_media":0,"parent":0,"menu_order":0,"comment_status":"closed","ping_status":"closed","template":"","meta":{"footnotes":""},"class_list":["post-20","page","type-page","status-publish","hentry"],"_links":{"self":[{"href":"https:\/\/cps.wegrow.pl\/index.php?rest_route=\/wp\/v2\/pages\/20","targetHints":{"allow":["GET"]}}],"collection":[{"href":"https:\/\/cps.wegrow.pl\/index.php?rest_route=\/wp\/v2\/pages"}],"about":[{"href":"https:\/\/cps.wegrow.pl\/index.php?rest_route=\/wp\/v2\/types\/page"}],"author":[{"embeddable":true,"href":"https:\/\/cps.wegrow.pl\/index.php?rest_route=\/wp\/v2\/users\/1"}],"replies":[{"embeddable":true,"href":"https:\/\/cps.wegrow.pl\/index.php?rest_route=%2Fwp%2Fv2%2Fcomments&post=20"}],"version-history":[{"count":70,"href":"https:\/\/cps.wegrow.pl\/index.php?rest_route=\/wp\/v2\/pages\/20\/revisions"}],"predecessor-version":[{"id":1485,"href":"https:\/\/cps.wegrow.pl\/index.php?rest_route=\/wp\/v2\/pages\/20\/revisions\/1485"}],"wp:attachment":[{"href":"https:\/\/cps.wegrow.pl\/index.php?rest_route=%2Fwp%2Fv2%2Fmedia&parent=20"}],"curies":[{"name":"wp","href":"https:\/\/api.w.org\/{rel}","templated":true}]}}