{"id":387,"date":"2017-01-19T19:57:02","date_gmt":"2017-01-19T19:57:02","guid":{"rendered":"http:\/\/serwer1604704.home.pl\/?page_id=387"},"modified":"2025-04-03T09:57:00","modified_gmt":"2025-04-03T09:57:00","slug":"specjalny-zasilek-opiekunczy","status":"publish","type":"page","link":"https:\/\/cps.wegrow.pl\/?page_id=387","title":{"rendered":"Specjalny zasi\u0142ek opieku\u0144czy"},"content":{"rendered":"<p style=\"text-align: justify;\"><strong>Od 1 stycznia 2024 r. obowi\u0105zuj\u0105 nowe przepisy ustawy o \u015bwiadczeniach rodzinnych zmieniaj\u0105ce dotychczasowe zasady przyznawania \u015bwiadcze\u0144 dla opiekun\u00f3w, kt\u00f3re wprowadzi\u0142a ustawa z dnia 7 lipca 2023 r. o \u015bwiadczeniu wspieraj\u0105cym.<\/strong><\/p>\n<p style=\"text-align: justify;\"><strong>Z dniem wej\u015bcia w \u017cycie ustawy o \u015bwiadczeniu wspieraj\u0105cym czyli 1 stycznia 2024 r. zosta\u0142\u00a0uchylony art. 16a ustawy o \u015bwiadczeniach rodzinnych reguluj\u0105cy zasady przys\u0142ugiwania specjalnego zasi\u0142ku opieku\u0144czego. Oznacza , \u017ce od tej daty specjalny zasi\u0142ek opieku\u0144czy nie b\u0119dzie ju\u017c przyznawany. Jedynie, na podstawie przepis\u00f3w przej\u015bciowych, zasi\u0142ek ten b\u0119dzie\u00a0 m\u00f3g\u0142 by\u0107 przyznawany tak\u017ce po 1 stycznia 2024 r. na zasadzie zachowania do niego praw nabytych, na warunkach obowi\u0105zuj\u0105cych do 31 grudnia 2023 r.\u00a0<\/strong><\/p>\n<p style=\"text-align: justify;\"><strong><u>Ochrona praw nabytych do \u015bwiadczenia piel\u0119gnacyjnego oraz specjalnego zasi\u0142ku opieku\u0144czego\u00a0<\/u><\/strong><\/p>\n<p style=\"text-align: justify;\">W \u015bwietle przepis\u00f3w przej\u015bciowych, osoby, kt\u00f3re przed dniem lub po dniu wej\u015bcia w \u017cycie ustawy o \u015bwiadczeniu wspieraj\u0105cym naby\u0142y lub nab\u0119d\u0105 prawo do \u015bwiadczenia piel\u0119gnacyjnego lub specjalnego zasi\u0142ku opieku\u0144czego na zasadach obowi\u0105zuj\u0105cych do dnia \u00a031 grudnia 2023 r. \u00a0i za okres co najmniej do dnia 31 grudnia 2023 r. \u00a0b\u0119d\u0105 uprawnione do \u015bwiadczenia piel\u0119gnacyjnego lub specjalnego zasi\u0142ku opieku\u0144czego, zachowaj\u0105\u00a0prawo do tych \u015bwiadcze\u0144 na zasadzie ochrony praw nabytych na obowi\u0105zuj\u0105cych do 31 grudnia 2023 r. dotychczasowych zasadach przewidzianych w ustawie o \u015bwiadczeniach rodzinnych \u00a0\u2013 jednak nie d\u0142u\u017cej ni\u017c do ko\u0144ca okresu, na kt\u00f3ry prawo zosta\u0142o przyznane.<\/p>\n<p style=\"text-align: justify;\">Ww. osoby, zachowaj\u0105 prawo do \u015bwiadczenia piel\u0119gnacyjnego lub specjalnego zasi\u0142ku opieku\u0144czego na zasadach obowi\u0105zuj\u0105cych do dnia 31 grudnia 2023 r., r\u00f3wnie\u017c w przypadku, gdy osobie nad kt\u00f3r\u0105 sprawuj\u0105 opiek\u0119 zosta\u0142o wydane nowe orzeczenie o stopniu niepe\u0142nosprawno\u015bci albo orzeczenie o niepe\u0142nosprawno\u015bci. Warunkiem zachowania prawa odpowiednio do \u015bwiadczenia piel\u0119gnacyjnego \u00a0i specjalnego zasi\u0142ku opieku\u0144czego w tym przypadku konieczne b\u0119dzie z\u0142o\u017cenie wniosku o nowe orzeczenie o stopniu\u00a0niepe\u0142nosprawno\u015bci albo o niepe\u0142nosprawno\u015bci w terminie 3 miesi\u0119cy od dnia nast\u0119puj\u0105cego po dniu, w kt\u00f3rym up\u0142yn\u0105\u0142 termin wa\u017cno\u015bci dotychczasowego orzeczenia, a nast\u0119pnie z\u0142o\u017cenie wniosku o \u015bwiadczenie piel\u0119gnacyjne lub specjalny zasi\u0142ek opieku\u0144czy w terminie\u00a03 miesi\u0119cy, licz\u0105c od wydania orzeczenia o stopniu niepe\u0142nosprawno\u015bci albo\u00a0o niepe\u0142nosprawno\u015bci (art. 63 ust. 3 ustawy).<\/p>\n<p style=\"text-align: justify;\"><strong>Uwaga:\u00a0<\/strong>prawo do specjalnego zasi\u0142ku opieku\u0144czego na zasadach dotychczasowych przys\u0142ugiwa\u0107 b\u0119dzie ww. osobom korzystaj\u0105cym z ochrony praw nabytych r\u00f3wnie\u017c po up\u0142ywie okresu zasi\u0142kowego na kt\u00f3ry ten zasi\u0142ek zosta\u0142 przyznany (czyli tak\u017ce na kolejne okresy zasi\u0142kowe) pod warunkiem, \u017ce wniosek o ustalenie prawa do specjalnego zasi\u0142ku opieku\u0144czego na nowy okres zasi\u0142kowy zostanie z\u0142o\u017cony w terminie 3 miesi\u0119cy od dnia nast\u0119puj\u0105cego po dniu, w kt\u00f3rym zako\u0144czy\u0142 si\u0119 dotychczasowy okres zasi\u0142kowy (czyli w ci\u0105gu 3 miesi\u0119cy od dnia 31 pa\u017adziernika danego roku kalendarzowego).<\/p>\n","protected":false},"excerpt":{"rendered":"<p>Od 1 stycznia 2024 r. obowi\u0105zuj\u0105 nowe przepisy ustawy o \u015bwiadczeniach rodzinnych zmieniaj\u0105ce dotychczasowe zasady przyznawania \u015bwiadcze\u0144 dla opiekun\u00f3w, kt\u00f3re wprowadzi\u0142a ustawa z dnia 7 lipca 2023 r. o \u015bwiadczeniu wspieraj\u0105cym. Z dniem wej\u015bcia w \u017cycie ustawy o \u015bwiadczeniu wspieraj\u0105cym czyli 1 stycznia 2024 r. zosta\u0142\u00a0uchylony art. 16a ustawy o \u015bwiadczeniach rodzinnych reguluj\u0105cy zasady przys\u0142ugiwania &hellip; <a href=\"https:\/\/cps.wegrow.pl\/?page_id=387\" class=\"more-link\">Czytaj dalej<span class=\"screen-reader-text\"> \u201eSpecjalny zasi\u0142ek opieku\u0144czy\u201d<\/span><\/a><\/p>\n","protected":false},"author":1,"featured_media":0,"parent":71,"menu_order":0,"comment_status":"closed","ping_status":"closed","template":"","meta":{"footnotes":""},"class_list":["post-387","page","type-page","status-publish","hentry"],"_links":{"self":[{"href":"https:\/\/cps.wegrow.pl\/index.php?rest_route=\/wp\/v2\/pages\/387","targetHints":{"allow":["GET"]}}],"collection":[{"href":"https:\/\/cps.wegrow.pl\/index.php?rest_route=\/wp\/v2\/pages"}],"about":[{"href":"https:\/\/cps.wegrow.pl\/index.php?rest_route=\/wp\/v2\/types\/page"}],"author":[{"embeddable":true,"href":"https:\/\/cps.wegrow.pl\/index.php?rest_route=\/wp\/v2\/users\/1"}],"replies":[{"embeddable":true,"href":"https:\/\/cps.wegrow.pl\/index.php?rest_route=%2Fwp%2Fv2%2Fcomments&post=387"}],"version-history":[{"count":5,"href":"https:\/\/cps.wegrow.pl\/index.php?rest_route=\/wp\/v2\/pages\/387\/revisions"}],"predecessor-version":[{"id":1403,"href":"https:\/\/cps.wegrow.pl\/index.php?rest_route=\/wp\/v2\/pages\/387\/revisions\/1403"}],"up":[{"embeddable":true,"href":"https:\/\/cps.wegrow.pl\/index.php?rest_route=\/wp\/v2\/pages\/71"}],"wp:attachment":[{"href":"https:\/\/cps.wegrow.pl\/index.php?rest_route=%2Fwp%2Fv2%2Fmedia&parent=387"}],"curies":[{"name":"wp","href":"https:\/\/api.w.org\/{rel}","templated":true}]}}